{"id":20754,"date":"2024-08-21T08:47:30","date_gmt":"2024-08-21T08:47:30","guid":{"rendered":"https:\/\/profalkielce.pl\/faq\/"},"modified":"2026-04-09T11:46:10","modified_gmt":"2026-04-09T11:46:10","slug":"faq","status":"publish","type":"page","link":"https:\/\/profalkielce.pl\/fr\/faq\/","title":{"rendered":"FAQ"},"content":{"rendered":"\t\t<div data-elementor-type=\"wp-page\" data-elementor-id=\"20754\" class=\"elementor elementor-20754 elementor-15372\" data-elementor-post-type=\"page\">\n\t\t\t\t<div class=\"elementor-element elementor-element-5ea98d6 e-con-full e-flex e-con e-parent\" data-id=\"5ea98d6\" data-element_type=\"container\" data-e-type=\"container\" data-settings=\"{&quot;background_background&quot;:&quot;classic&quot;,&quot;jet_parallax_layout_list&quot;:[]}\">\n\t\t<div class=\"elementor-element elementor-element-986cfe4 e-con-full e-flex e-con e-child\" data-id=\"986cfe4\" data-element_type=\"container\" data-e-type=\"container\" data-settings=\"{&quot;jet_parallax_layout_list&quot;:[]}\">\n\t\t\t\t<div class=\"elementor-element elementor-element-f019de6 elementor-widget elementor-widget-breadcrumbs\" data-id=\"f019de6\" data-element_type=\"widget\" data-e-type=\"widget\" data-widget_type=\"breadcrumbs.default\">\n\t\t\t\t<div class=\"elementor-widget-container\">\n\t\t\t\t\t<p id=\"breadcrumbs\"><span><span><a href=\"https:\/\/profalkielce.pl\/fr\/profal\/\">Strona g\u0142\u00f3wna<\/a><\/span><\/span><\/p>\t\t\t\t<\/div>\n\t\t\t\t<\/div>\n\t\t\t\t<div class=\"elementor-element elementor-element-ede5410 elementor-widget__width-initial elementor-widget elementor-widget-heading\" data-id=\"ede5410\" data-element_type=\"widget\" data-e-type=\"widget\" data-widget_type=\"heading.default\">\n\t\t\t\t<div class=\"elementor-widget-container\">\n\t\t\t\t\t<h1 class=\"elementor-heading-title elementor-size-default\">FAQ<\/h1>\t\t\t\t<\/div>\n\t\t\t\t<\/div>\n\t\t<div class=\"elementor-element elementor-element-3d64ca4 e-flex e-con-boxed e-con e-child\" data-id=\"3d64ca4\" data-element_type=\"container\" data-e-type=\"container\" data-settings=\"{&quot;jet_parallax_layout_list&quot;:[]}\">\n\t\t\t\t\t<div class=\"e-con-inner\">\n\t\t\t\t<div class=\"elementor-element elementor-element-2021f5e elementor-widget elementor-widget-image\" data-id=\"2021f5e\" data-element_type=\"widget\" data-e-type=\"widget\" data-widget_type=\"image.default\">\n\t\t\t\t<div class=\"elementor-widget-container\">\n\t\t\t\t\t\t\t\t\t\t\t\t\t\t\t<img decoding=\"async\" width=\"392\" height=\"58\" src=\"https:\/\/profalkielce.pl\/wp-content\/uploads\/2023\/07\/Oficjalny-producent-ok1.svg\" class=\"attachment-large size-large wp-image-5633\" alt=\"profal kielce\" \/>\t\t\t\t\t\t\t\t\t\t\t\t\t\t\t<\/div>\n\t\t\t\t<\/div>\n\t\t\t\t\t<\/div>\n\t\t\t\t<\/div>\n\t\t<div class=\"elementor-element elementor-element-191d000 e-con-full elementor-hidden-mobile e-flex e-con e-child\" data-id=\"191d000\" data-element_type=\"container\" data-e-type=\"container\" data-settings=\"{&quot;jet_parallax_layout_list&quot;:[]}\">\n\t\t\t\t<div class=\"elementor-element elementor-element-4a74b2e elementor-widget__width-auto elementor-view-default elementor-invisible elementor-widget elementor-widget-icon\" data-id=\"4a74b2e\" data-element_type=\"widget\" data-e-type=\"widget\" data-settings=\"{&quot;_animation&quot;:&quot;slideInDown&quot;}\" data-widget_type=\"icon.default\">\n\t\t\t\t<div class=\"elementor-widget-container\">\n\t\t\t\t\t\t\t<div class=\"elementor-icon-wrapper\">\n\t\t\t<div class=\"elementor-icon\">\n\t\t\t<svg xmlns=\"http:\/\/www.w3.org\/2000\/svg\" width=\"1\" height=\"95\" viewBox=\"0 0 1 95\" fill=\"none\"><line x1=\"0.5\" x2=\"0.5\" y2=\"95\" stroke=\"#E3E9F1\"><\/line><\/svg>\t\t\t<\/div>\n\t\t<\/div>\n\t\t\t\t\t\t<\/div>\n\t\t\t\t<\/div>\n\t\t\t\t<div class=\"elementor-element elementor-element-9db2b59 elementor-widget__width-auto elementor-view-default elementor-invisible elementor-widget elementor-widget-icon\" data-id=\"9db2b59\" data-element_type=\"widget\" data-e-type=\"widget\" data-settings=\"{&quot;_animation&quot;:&quot;slideInDown&quot;}\" data-widget_type=\"icon.default\">\n\t\t\t\t<div class=\"elementor-widget-container\">\n\t\t\t\t\t\t\t<div class=\"elementor-icon-wrapper\">\n\t\t\t<div class=\"elementor-icon\">\n\t\t\t<svg xmlns=\"http:\/\/www.w3.org\/2000\/svg\" width=\"16\" height=\"16\" viewBox=\"0 0 16 16\" fill=\"none\"><circle opacity=\"0.6\" cx=\"8\" cy=\"8\" r=\"8\" fill=\"#D9E8F6\"><\/circle><circle cx=\"8\" cy=\"8\" r=\"6\" fill=\"#D9E8F6\"><\/circle><circle cx=\"8\" cy=\"8\" r=\"4\" fill=\"#A0C6E9\"><\/circle><circle cx=\"8\" cy=\"8\" r=\"4\" fill=\"#A0C6E9\"><\/circle><\/svg>\t\t\t<\/div>\n\t\t<\/div>\n\t\t\t\t\t\t<\/div>\n\t\t\t\t<\/div>\n\t\t\t\t<div class=\"elementor-element elementor-element-9f6aa09 elementor-widget__width-auto elementor-widget elementor-widget-text-editor\" data-id=\"9f6aa09\" data-element_type=\"widget\" data-e-type=\"widget\" data-widget_type=\"text-editor.default\">\n\t\t\t\t<div class=\"elementor-widget-container\">\n\t\t\t\t\t\t\t\t\t<p>Explorer tous les projets<\/p>\t\t\t\t\t\t\t\t<\/div>\n\t\t\t\t<\/div>\n\t\t\t\t<\/div>\n\t\t\t\t<\/div>\n\t\t<div class=\"elementor-element elementor-element-b24a336 e-flex e-con-boxed e-con e-child\" data-id=\"b24a336\" data-element_type=\"container\" data-e-type=\"container\" data-settings=\"{&quot;background_background&quot;:&quot;classic&quot;,&quot;jet_parallax_layout_list&quot;:[]}\">\n\t\t\t\t\t<div class=\"e-con-inner\">\n\t\t\t\t\t<\/div>\n\t\t\t\t<\/div>\n\t\t\t\t<\/div>\n\t\t<div class=\"elementor-element elementor-element-a9e2fe3 e-con-full e-flex e-con e-parent\" data-id=\"a9e2fe3\" data-element_type=\"container\" data-e-type=\"container\" data-settings=\"{&quot;jet_parallax_layout_list&quot;:[],&quot;background_background&quot;:&quot;classic&quot;}\">\n\t\t\t\t<div class=\"elementor-element elementor-element-52c63d1 elementor-widget elementor-widget-heading\" data-id=\"52c63d1\" data-element_type=\"widget\" data-e-type=\"widget\" data-widget_type=\"heading.default\">\n\t\t\t\t<div class=\"elementor-widget-container\">\n\t\t\t\t\t<h5 class=\"elementor-heading-title elementor-size-default\">FAQ - Questions fr\u00e9quemment pos\u00e9es<\/h5>\t\t\t\t<\/div>\n\t\t\t\t<\/div>\n\t\t\t\t<div class=\"elementor-element elementor-element-6266693 elementor-widget elementor-widget-heading\" data-id=\"6266693\" data-element_type=\"widget\" data-e-type=\"widget\" data-widget_type=\"heading.default\">\n\t\t\t\t<div class=\"elementor-widget-container\">\n\t\t\t\t\t<h2 class=\"elementor-heading-title elementor-size-default\">Dissiper les doutes<\/h2>\t\t\t\t<\/div>\n\t\t\t\t<\/div>\n\t\t<div class=\"elementor-element elementor-element-6d3ef6b e-con-full e-flex e-con e-child\" data-id=\"6d3ef6b\" data-element_type=\"container\" data-e-type=\"container\" data-settings=\"{&quot;jet_parallax_layout_list&quot;:[]}\">\n\t\t<div class=\"elementor-element elementor-element-9b1bd6e e-con-full e-flex e-con e-child\" data-id=\"9b1bd6e\" data-element_type=\"container\" data-e-type=\"container\" data-settings=\"{&quot;jet_parallax_layout_list&quot;:[]}\">\n\t\t\t\t<div class=\"elementor-element elementor-element-2e074bb elementor-widget elementor-widget-text-editor\" data-id=\"2e074bb\" data-element_type=\"widget\" data-e-type=\"widget\" data-widget_type=\"text-editor.default\">\n\t\t\t\t<div class=\"elementor-widget-container\">\n\t\t\t\t\t\t\t\t\t<p>Nous tenons \u00e0 ce que vous ayez acc\u00e8s \u00e0 toutes les informations essentielles concernant nos produits et notre collaboration. Dans la section FAQ, vous trouverez les r\u00e9ponses \u00e0 vos questions les plus importantes sur nos fen\u00eatres et portes en aluminium, ainsi que des d\u00e9tails sur leur installation et leur utilisation. Vous d\u00e9couvrirez comment nos solutions contribuent \u00e0 cr\u00e9er des int\u00e9rieurs silencieux et confortables dans toutes les conditions m\u00e9t\u00e9orologiques, ainsi que les avantages li\u00e9s au choix de nos produits.  <\/p><p>Nos FAQ comprennent \u00e9galement des informations sur nos conditions g\u00e9n\u00e9rales et sur l&#8217;assistance que nous offrons \u00e0 chaque \u00e9tape, du premier contact au service apr\u00e8s-vente. Nous voulons que vous choisissiez nos fen\u00eatres et nos portes en toute confiance, c&#8217;est pourquoi nous sommes l\u00e0 pour r\u00e9pondre \u00e0 toutes vos questions. <\/p>\t\t\t\t\t\t\t\t<\/div>\n\t\t\t\t<\/div>\n\t\t\t\t<div class=\"elementor-element elementor-element-248fb92 elementor-align-justify elementor-widget elementor-widget-button\" data-id=\"248fb92\" data-element_type=\"widget\" data-e-type=\"widget\" data-widget_type=\"button.default\">\n\t\t\t\t<div class=\"elementor-widget-container\">\n\t\t\t\t\t\t\t\t\t<div class=\"elementor-button-wrapper\">\n\t\t\t\t\t<a class=\"elementor-button elementor-button-link elementor-size-sm\" href=\"https:\/\/profalkielce.pl\/fr\/produits\/\">\n\t\t\t\t\t\t<span class=\"elementor-button-content-wrapper\">\n\t\t\t\t\t\t\t\t\t<span class=\"elementor-button-text\">D\u00e9couvrez notre offre<\/span>\n\t\t\t\t\t<\/span>\n\t\t\t\t\t<\/a>\n\t\t\t\t<\/div>\n\t\t\t\t\t\t\t\t<\/div>\n\t\t\t\t<\/div>\n\t\t\t\t<div class=\"elementor-element elementor-element-9b5fcd2 elementor-align-justify elementor-widget elementor-widget-button\" data-id=\"9b5fcd2\" data-element_type=\"widget\" data-e-type=\"widget\" data-widget_type=\"button.default\">\n\t\t\t\t<div class=\"elementor-widget-container\">\n\t\t\t\t\t\t\t\t\t<div class=\"elementor-button-wrapper\">\n\t\t\t\t\t<a class=\"elementor-button elementor-button-link elementor-size-sm\" href=\"https:\/\/profalkielce.pl\/fr\/devenir-distributeur\/\">\n\t\t\t\t\t\t<span class=\"elementor-button-content-wrapper\">\n\t\t\t\t\t\t\t\t\t<span class=\"elementor-button-text\">Devenez notre distributeur<\/span>\n\t\t\t\t\t<\/span>\n\t\t\t\t\t<\/a>\n\t\t\t\t<\/div>\n\t\t\t\t\t\t\t\t<\/div>\n\t\t\t\t<\/div>\n\t\t\t\t<\/div>\n\t\t<div class=\"elementor-element elementor-element-459725f e-con-full e-flex e-con e-child\" data-id=\"459725f\" data-element_type=\"container\" data-e-type=\"container\" data-settings=\"{&quot;jet_parallax_layout_list&quot;:[]}\">\n\t\t\t\t<div class=\"elementor-element elementor-element-72983f5 elementor-widget elementor-widget-accordion\" data-id=\"72983f5\" data-element_type=\"widget\" data-e-type=\"widget\" data-widget_type=\"accordion.default\">\n\t\t\t\t<div class=\"elementor-widget-container\">\n\t\t\t\t\t\t\t<div class=\"elementor-accordion\">\n\t\t\t\t\t\t\t<div class=\"elementor-accordion-item\">\n\t\t\t\t\t<div id=\"elementor-tab-title-1201\" class=\"elementor-tab-title\" data-tab=\"1\" role=\"button\" aria-controls=\"elementor-tab-content-1201\" aria-expanded=\"false\">\n\t\t\t\t\t\t\t\t\t\t\t\t<a class=\"elementor-accordion-title\" tabindex=\"0\">N'est-il pas risqu\u00e9 de produire dans un pays autre que le mien ?<\/a>\n\t\t\t\t\t<\/div>\n\t\t\t\t\t<div id=\"elementor-tab-content-1201\" class=\"elementor-tab-content elementor-clearfix\" data-tab=\"1\" role=\"region\" aria-labelledby=\"elementor-tab-title-1201\"><p><span style=\"font-weight: 400;\">Au contraire, travailler avec nous est tr\u00e8s s\u00fbr. Nous sommes pr\u00e9sents sur le march\u00e9 europ\u00e9en depuis 16 ans. En travaillant avec nous, vous ne perdez donc pas de temps \u00e0 nous d\u00e9crire les solutions dont vous avez besoin. Les entreprises qui commencent \u00e0 exporter n&#8217;en ont aucune id\u00e9e ou ne font que l&#8217;apprendre. Nous sommes une entreprise polonaise qui produit des fen\u00eatres destin\u00e9es \u00e0 un march\u00e9 particulier, et non une entreprise qui produit des fen\u00eatres polonaises et les vend en Europe.<\/span><\/p>\n<\/div>\n\t\t\t\t<\/div>\n\t\t\t\t\t\t\t<div class=\"elementor-accordion-item\">\n\t\t\t\t\t<div id=\"elementor-tab-title-1202\" class=\"elementor-tab-title\" data-tab=\"2\" role=\"button\" aria-controls=\"elementor-tab-content-1202\" aria-expanded=\"false\">\n\t\t\t\t\t\t\t\t\t\t\t\t<a class=\"elementor-accordion-title\" tabindex=\"0\">Un fabricant polonais comprendra-t-il mes besoins ?<\/a>\n\t\t\t\t\t<\/div>\n\t\t\t\t\t<div id=\"elementor-tab-content-1202\" class=\"elementor-tab-content elementor-clearfix\" data-tab=\"2\" role=\"region\" aria-labelledby=\"elementor-tab-title-1202\"><p><span style=\"font-weight: 400;\">Les clients \u00e9trangers appr\u00e9cient grandement de travailler avec nous. Depuis des ann\u00e9es, nous exp\u00e9dions et vendons nos produits en Belgique, aux Pays-Bas, en France, en Angleterre, en Irlande, au Danemark, en Norv\u00e8ge, aux \u00c9tats-Unis et au Canada, entre autres.  <\/span><\/p>\n<\/div>\n\t\t\t\t<\/div>\n\t\t\t\t\t\t\t<div class=\"elementor-accordion-item\">\n\t\t\t\t\t<div id=\"elementor-tab-title-1203\" class=\"elementor-tab-title\" data-tab=\"3\" role=\"button\" aria-controls=\"elementor-tab-content-1203\" aria-expanded=\"false\">\n\t\t\t\t\t\t\t\t\t\t\t\t<a class=\"elementor-accordion-title\" tabindex=\"0\">La production en Pologne est-elle de la m\u00eame qualit\u00e9 que dans les pays occidentaux ?<\/a>\n\t\t\t\t\t<\/div>\n\t\t\t\t\t<div id=\"elementor-tab-content-1203\" class=\"elementor-tab-content elementor-clearfix\" data-tab=\"3\" role=\"region\" aria-labelledby=\"elementor-tab-title-1203\"><p><span style=\"font-weight: 400;\">C&#8217;est en raison de la qualit\u00e9 qu&#8217;il est difficile de trouver ailleurs que les clients sont si enthousiastes \u00e0 l&#8217;id\u00e9e de nous confier la fabrication de fen\u00eatres pour leurs maisons et leurs projets.  <\/span><\/p>\n<\/div>\n\t\t\t\t<\/div>\n\t\t\t\t\t\t\t<div class=\"elementor-accordion-item\">\n\t\t\t\t\t<div id=\"elementor-tab-title-1204\" class=\"elementor-tab-title\" data-tab=\"4\" role=\"button\" aria-controls=\"elementor-tab-content-1204\" aria-expanded=\"false\">\n\t\t\t\t\t\t\t\t\t\t\t\t<a class=\"elementor-accordion-title\" tabindex=\"0\">La communication avec le fabricant en Pologne sera-t-elle difficile ?<\/a>\n\t\t\t\t\t<\/div>\n\t\t\t\t\t<div id=\"elementor-tab-content-1204\" class=\"elementor-tab-content elementor-clearfix\" data-tab=\"4\" role=\"region\" aria-labelledby=\"elementor-tab-title-1204\"><p><span style=\"font-weight: 400;\">Si un probl\u00e8me survient sur place, nous pouvons le r\u00e9soudre &#8220;en direct&#8221; &#8211; il suffit de se connecter par appel vid\u00e9o ou d&#8217;enregistrer un message vid\u00e9o montrant le probl\u00e8me.<\/span><\/p>\n<\/div>\n\t\t\t\t<\/div>\n\t\t\t\t\t\t\t<div class=\"elementor-accordion-item\">\n\t\t\t\t\t<div id=\"elementor-tab-title-1205\" class=\"elementor-tab-title\" data-tab=\"5\" role=\"button\" aria-controls=\"elementor-tab-content-1205\" aria-expanded=\"false\">\n\t\t\t\t\t\t\t\t\t\t\t\t<a class=\"elementor-accordion-title\" tabindex=\"0\">Pourquoi y a-t-il une diff\u00e9rence de prix entre une m\u00eame fen\u00eatre fabriqu\u00e9e en Pologne et dans les pays occidentaux ?<\/a>\n\t\t\t\t\t<\/div>\n\t\t\t\t\t<div id=\"elementor-tab-content-1205\" class=\"elementor-tab-content elementor-clearfix\" data-tab=\"5\" role=\"region\" aria-labelledby=\"elementor-tab-title-1205\"><p><span style=\"font-weight: 400;\">La diff\u00e9rence de prix est principalement due \u00e0 la baisse des co\u00fbts de production.&nbsp;<\/span><span style=\"color: var( --e-global-color-e5f65b3 ); font-family: var( --e-global-typography-text-font-family ), Sans-serif; font-size: var( --e-global-typography-text-font-size ); background-color: var( --e-global-color-primary ); letter-spacing: var( --e-global-typography-b1b597e-letter-spacing ); word-spacing: var( --e-global-typography-b1b597e-word-spacing );\">Les co\u00fbts de production en Pologne sont inf\u00e9rieurs \u00e0 ceux des pays occidentaux, principalement en raison des diff\u00e9rences de niveaux de salaires, des co\u00fbts de l&#8217;\u00e9nergie et des co\u00fbts des carburants. Dans les pays occidentaux, les co\u00fbts de la main-d&#8217;\u0153uvre et des entreprises sont plus \u00e9lev\u00e9s, ce qui se traduit par un prix plus \u00e9lev\u00e9 des produits. La diff\u00e9rence de prix peut \u00e9galement \u00eatre due au processus de distribution du produit entre le producteur et le client final, o\u00f9 il peut y avoir diff\u00e9rents interm\u00e9diaires. Chacun de ces interm\u00e9diaires ajoute sa marge au prix du produit, ce qui peut avoir une incidence sur les diff\u00e9rences de prix entre les diff\u00e9rents march\u00e9s.<\/span><\/p>\n<\/div>\n\t\t\t\t<\/div>\n\t\t\t\t\t\t\t<div class=\"elementor-accordion-item\">\n\t\t\t\t\t<div id=\"elementor-tab-title-1206\" class=\"elementor-tab-title\" data-tab=\"6\" role=\"button\" aria-controls=\"elementor-tab-content-1206\" aria-expanded=\"false\">\n\t\t\t\t\t\t\t\t\t\t\t\t<a class=\"elementor-accordion-title\" tabindex=\"0\">Que faire en cas de probl\u00e8me sur le site puisque le fabricant est \u00e9loign\u00e9 ?<\/a>\n\t\t\t\t\t<\/div>\n\t\t\t\t\t<div id=\"elementor-tab-content-1206\" class=\"elementor-tab-content elementor-clearfix\" data-tab=\"6\" role=\"region\" aria-labelledby=\"elementor-tab-title-1206\"><p><span style=\"font-weight: 400;\">Nous vous aidons \u00e0 choisir le syst\u00e8me de fen\u00eatres adapt\u00e9 \u00e0 votre projet sp\u00e9cifique &#8211; nous nous connectons en ligne et vous indiquons les meilleures solutions.  <\/span><\/p>\n<\/div>\n\t\t\t\t<\/div>\n\t\t\t\t\t\t\t<div class=\"elementor-accordion-item\">\n\t\t\t\t\t<div id=\"elementor-tab-title-1207\" class=\"elementor-tab-title\" data-tab=\"7\" role=\"button\" aria-controls=\"elementor-tab-content-1207\" aria-expanded=\"false\">\n\t\t\t\t\t\t\t\t\t\t\t\t<a class=\"elementor-accordion-title\" tabindex=\"0\">Les fen\u00eatres en aluminium sont-elles meilleures que toutes les autres ?<\/a>\n\t\t\t\t\t<\/div>\n\t\t\t\t\t<div id=\"elementor-tab-content-1207\" class=\"elementor-tab-content elementor-clearfix\" data-tab=\"7\" role=\"region\" aria-labelledby=\"elementor-tab-title-1207\"><p><span style=\"font-weight: 400;\">Si vous attendez des produits efficaces sur le plan \u00e9nerg\u00e9tique, respectueux de l&#8217;environnement, intelligents et b\u00e9n\u00e9ficiant d&#8217;une garantie jusqu&#8217;\u00e0 trois fois sup\u00e9rieure \u00e0 celle de la concurrence, les fen\u00eatres en aluminium que nous fabriquons r\u00e9pondront \u00e0 toutes vos attentes.  <\/span><\/p>\n<\/div>\n\t\t\t\t<\/div>\n\t\t\t\t\t\t\t<div class=\"elementor-accordion-item\">\n\t\t\t\t\t<div id=\"elementor-tab-title-1208\" class=\"elementor-tab-title\" data-tab=\"8\" role=\"button\" aria-controls=\"elementor-tab-content-1208\" aria-expanded=\"false\">\n\t\t\t\t\t\t\t\t\t\t\t\t<a class=\"elementor-accordion-title\" tabindex=\"0\">Un changement de fournisseur aura-t-il un impact n\u00e9gatif sur mon processus de vente ?<\/a>\n\t\t\t\t\t<\/div>\n\t\t\t\t\t<div id=\"elementor-tab-content-1208\" class=\"elementor-tab-content elementor-clearfix\" data-tab=\"8\" role=\"region\" aria-labelledby=\"elementor-tab-title-1208\"><p><span style=\"font-weight: 400;\">Le changement de fournisseur peut avoir un impact tr\u00e8s positif sur le processus de vente. Elle permet surtout de n\u00e9gocier de meilleures conditions commerciales, telles que des prix plus bas, des conditions de paiement plus favorables, des modalit\u00e9s de coop\u00e9ration plus souples.  <\/span><\/p><\/p>\n<\/div>\n\t\t\t\t<\/div>\n\t\t\t\t\t\t\t\t\t\t<script type=\"application\/ld+json\">{\"@context\":\"https:\\\/\\\/schema.org\",\"@type\":\"FAQPage\",\"mainEntity\":[{\"@type\":\"Question\",\"name\":\"N'est-il pas risqu\\u00e9 de produire dans un pays autre que le mien ?\",\"acceptedAnswer\":{\"@type\":\"Answer\",\"text\":\"<p><span style=\\\"font-weight: 400;\\\">Au contraire, travailler avec nous est tr\\u00e8s s\\u00fbr. Nous sommes pr\\u00e9sents sur le march\\u00e9 europ\\u00e9en depuis 16 ans. En travaillant avec nous, vous ne perdez donc pas de temps \\u00e0 nous d\\u00e9crire les solutions dont vous avez besoin. Les entreprises qui commencent \\u00e0 exporter n&#8217;en ont aucune id\\u00e9e ou ne font que l&#8217;apprendre. Nous sommes une entreprise polonaise qui produit des fen\\u00eatres destin\\u00e9es \\u00e0 un march\\u00e9 particulier, et non une entreprise qui produit des fen\\u00eatres polonaises et les vend en Europe.<\\\/span><\\\/p>\\n\"}},{\"@type\":\"Question\",\"name\":\"Un fabricant polonais comprendra-t-il mes besoins ?\",\"acceptedAnswer\":{\"@type\":\"Answer\",\"text\":\"<p><span style=\\\"font-weight: 400;\\\">Les clients \\u00e9trangers appr\\u00e9cient grandement de travailler avec nous. Depuis des ann\\u00e9es, nous exp\\u00e9dions et vendons nos produits en Belgique, aux Pays-Bas, en France, en Angleterre, en Irlande, au Danemark, en Norv\\u00e8ge, aux \\u00c9tats-Unis et au Canada, entre autres.  <\\\/span><\\\/p>\\n\"}},{\"@type\":\"Question\",\"name\":\"La production en Pologne est-elle de la m\\u00eame qualit\\u00e9 que dans les pays occidentaux ?\",\"acceptedAnswer\":{\"@type\":\"Answer\",\"text\":\"<p><span style=\\\"font-weight: 400;\\\">C&#8217;est en raison de la qualit\\u00e9 qu&#8217;il est difficile de trouver ailleurs que les clients sont si enthousiastes \\u00e0 l&#8217;id\\u00e9e de nous confier la fabrication de fen\\u00eatres pour leurs maisons et leurs projets.  <\\\/span><\\\/p>\\n\"}},{\"@type\":\"Question\",\"name\":\"La communication avec le fabricant en Pologne sera-t-elle difficile ?\",\"acceptedAnswer\":{\"@type\":\"Answer\",\"text\":\"<p><span style=\\\"font-weight: 400;\\\">Si un probl\\u00e8me survient sur place, nous pouvons le r\\u00e9soudre &#8220;en direct&#8221; &#8211; il suffit de se connecter par appel vid\\u00e9o ou d&#8217;enregistrer un message vid\\u00e9o montrant le probl\\u00e8me.<\\\/span><\\\/p>\\n\"}},{\"@type\":\"Question\",\"name\":\"Pourquoi y a-t-il une diff\\u00e9rence de prix entre une m\\u00eame fen\\u00eatre fabriqu\\u00e9e en Pologne et dans les pays occidentaux ?\",\"acceptedAnswer\":{\"@type\":\"Answer\",\"text\":\"<p><span style=\\\"font-weight: 400;\\\">La diff\\u00e9rence de prix est principalement due \\u00e0 la baisse des co\\u00fbts de production.&nbsp;<\\\/span><span style=\\\"color: var( --e-global-color-e5f65b3 ); font-family: var( --e-global-typography-text-font-family ), Sans-serif; font-size: var( --e-global-typography-text-font-size ); background-color: var( --e-global-color-primary ); letter-spacing: var( --e-global-typography-b1b597e-letter-spacing ); word-spacing: var( --e-global-typography-b1b597e-word-spacing );\\\">Les co\\u00fbts de production en Pologne sont inf\\u00e9rieurs \\u00e0 ceux des pays occidentaux, principalement en raison des diff\\u00e9rences de niveaux de salaires, des co\\u00fbts de l&#8217;\\u00e9nergie et des co\\u00fbts des carburants. Dans les pays occidentaux, les co\\u00fbts de la main-d&#8217;\\u0153uvre et des entreprises sont plus \\u00e9lev\\u00e9s, ce qui se traduit par un prix plus \\u00e9lev\\u00e9 des produits. La diff\\u00e9rence de prix peut \\u00e9galement \\u00eatre due au processus de distribution du produit entre le producteur et le client final, o\\u00f9 il peut y avoir diff\\u00e9rents interm\\u00e9diaires. Chacun de ces interm\\u00e9diaires ajoute sa marge au prix du produit, ce qui peut avoir une incidence sur les diff\\u00e9rences de prix entre les diff\\u00e9rents march\\u00e9s.<\\\/span><\\\/p>\\n\"}},{\"@type\":\"Question\",\"name\":\"Que faire en cas de probl\\u00e8me sur le site puisque le fabricant est \\u00e9loign\\u00e9 ?\",\"acceptedAnswer\":{\"@type\":\"Answer\",\"text\":\"<p><span style=\\\"font-weight: 400;\\\">Nous vous aidons \\u00e0 choisir le syst\\u00e8me de fen\\u00eatres adapt\\u00e9 \\u00e0 votre projet sp\\u00e9cifique &#8211; nous nous connectons en ligne et vous indiquons les meilleures solutions.  <\\\/span><\\\/p>\\n\"}},{\"@type\":\"Question\",\"name\":\"Les fen\\u00eatres en aluminium sont-elles meilleures que toutes les autres ?\",\"acceptedAnswer\":{\"@type\":\"Answer\",\"text\":\"<p><span style=\\\"font-weight: 400;\\\">Si vous attendez des produits efficaces sur le plan \\u00e9nerg\\u00e9tique, respectueux de l&#8217;environnement, intelligents et b\\u00e9n\\u00e9ficiant d&#8217;une garantie jusqu&#8217;\\u00e0 trois fois sup\\u00e9rieure \\u00e0 celle de la concurrence, les fen\\u00eatres en aluminium que nous fabriquons r\\u00e9pondront \\u00e0 toutes vos attentes.  <\\\/span><\\\/p>\\n\"}},{\"@type\":\"Question\",\"name\":\"Un changement de fournisseur aura-t-il un impact n\\u00e9gatif sur mon processus de vente ?\",\"acceptedAnswer\":{\"@type\":\"Answer\",\"text\":\"<p><span style=\\\"font-weight: 400;\\\">Le changement de fournisseur peut avoir un impact tr\\u00e8s positif sur le processus de vente. Elle permet surtout de n\\u00e9gocier de meilleures conditions commerciales, telles que des prix plus bas, des conditions de paiement plus favorables, des modalit\\u00e9s de coop\\u00e9ration plus souples.  <\\\/span><\\\/p><\\\/p>\\n\"}}]}<\/script>\n\t\t\t\t\t<\/div>\n\t\t\t\t\t\t<\/div>\n\t\t\t\t<\/div>\n\t\t\t\t<\/div>\n\t\t\t\t<\/div>\n\t\t\t\t<\/div>\n\t\t\t\t<\/div>\n\t\t","protected":false},"excerpt":{"rendered":"<p>FAQ Explorer tous les projets FAQ &#8211; Questions fr\u00e9quemment pos\u00e9es Dissiper les doutes Nous tenons \u00e0 ce que vous ayez acc\u00e8s \u00e0 toutes les informations essentielles concernant nos produits et notre collaboration. Dans la section FAQ, vous trouverez les r\u00e9ponses \u00e0 vos questions les plus importantes sur nos fen\u00eatres et portes en aluminium, ainsi que [&hellip;]<\/p>\n","protected":false},"author":6,"featured_media":0,"parent":0,"menu_order":0,"comment_status":"closed","ping_status":"closed","template":"elementor_header_footer","meta":{"footnotes":""},"class_list":["post-20754","page","type-page","status-publish","hentry"],"yoast_head":"<!-- This site is optimized with the Yoast SEO plugin v27.3 - https:\/\/yoast.com\/product\/yoast-seo-wordpress\/ -->\n<title>Questions fr\u00e9quemment pos\u00e9es | Profal Kielce<\/title>\n<meta name=\"description\" content=\"Consultez la base de donn\u00e9es des questions et r\u00e9ponses sur les syst\u00e8mes de portes et fen\u00eatres en aluminium de Reynaers. Convainquez-vous de la qualit\u00e9 et de la coop\u00e9ration.\" \/>\n<meta name=\"robots\" content=\"index, follow, max-snippet:-1, max-image-preview:large, max-video-preview:-1\" \/>\n<link rel=\"canonical\" href=\"https:\/\/profalkielce.pl\/fr\/faq\/\" \/>\n<meta property=\"og:locale\" content=\"fr_FR\" \/>\n<meta property=\"og:type\" content=\"article\" \/>\n<meta property=\"og:title\" content=\"Questions fr\u00e9quemment pos\u00e9es | Profal Kielce\" \/>\n<meta property=\"og:description\" content=\"Consultez la base de donn\u00e9es des questions et r\u00e9ponses sur les syst\u00e8mes de portes et fen\u00eatres en aluminium de Reynaers. Convainquez-vous de la qualit\u00e9 et de la coop\u00e9ration.\" \/>\n<meta property=\"og:url\" content=\"https:\/\/profalkielce.pl\/fr\/faq\/\" \/>\n<meta property=\"og:site_name\" content=\"Profal\" \/>\n<meta property=\"article:publisher\" content=\"https:\/\/www.facebook.com\/fabrykaprofalkielce\" \/>\n<meta property=\"article:modified_time\" content=\"2026-04-09T11:46:10+00:00\" \/>\n<meta property=\"og:image\" content=\"https:\/\/profalkielce.pl\/wp-content\/uploads\/2023\/06\/2467c8d94e74bbd53774c385df2b2b83.jpeg\" \/>\n\t<meta property=\"og:image:width\" content=\"1920\" \/>\n\t<meta property=\"og:image:height\" content=\"1280\" \/>\n\t<meta property=\"og:image:type\" content=\"image\/jpeg\" \/>\n<meta name=\"twitter:card\" content=\"summary_large_image\" \/>\n<meta name=\"twitter:label1\" content=\"Dur\u00e9e de lecture estim\u00e9e\" \/>\n\t<meta name=\"twitter:data1\" content=\"4 minutes\" \/>\n<script type=\"application\/ld+json\" class=\"yoast-schema-graph\">{\"@context\":\"https:\\\/\\\/schema.org\",\"@graph\":[{\"@type\":\"WebPage\",\"@id\":\"https:\\\/\\\/profalkielce.pl\\\/fr\\\/faq\\\/\",\"url\":\"https:\\\/\\\/profalkielce.pl\\\/fr\\\/faq\\\/\",\"name\":\"Questions fr\u00e9quemment pos\u00e9es | Profal Kielce\",\"isPartOf\":{\"@id\":\"https:\\\/\\\/profalkielce.pl\\\/fr\\\/#website\"},\"primaryImageOfPage\":{\"@id\":\"https:\\\/\\\/profalkielce.pl\\\/fr\\\/faq\\\/#primaryimage\"},\"image\":{\"@id\":\"https:\\\/\\\/profalkielce.pl\\\/fr\\\/faq\\\/#primaryimage\"},\"thumbnailUrl\":\"https:\\\/\\\/profalkielce.pl\\\/wp-content\\\/uploads\\\/2023\\\/07\\\/Oficjalny-producent-ok1.svg\",\"datePublished\":\"2024-08-21T08:47:30+00:00\",\"dateModified\":\"2026-04-09T11:46:10+00:00\",\"description\":\"Consultez la base de donn\u00e9es des questions et r\u00e9ponses sur les syst\u00e8mes de portes et fen\u00eatres en aluminium de Reynaers. Convainquez-vous de la qualit\u00e9 et de la coop\u00e9ration.\",\"breadcrumb\":{\"@id\":\"https:\\\/\\\/profalkielce.pl\\\/fr\\\/faq\\\/#breadcrumb\"},\"inLanguage\":\"fr-FR\",\"potentialAction\":[{\"@type\":\"ReadAction\",\"target\":[\"https:\\\/\\\/profalkielce.pl\\\/fr\\\/faq\\\/\"]}]},{\"@type\":\"ImageObject\",\"inLanguage\":\"fr-FR\",\"@id\":\"https:\\\/\\\/profalkielce.pl\\\/fr\\\/faq\\\/#primaryimage\",\"url\":\"https:\\\/\\\/profalkielce.pl\\\/wp-content\\\/uploads\\\/2023\\\/07\\\/Oficjalny-producent-ok1.svg\",\"contentUrl\":\"https:\\\/\\\/profalkielce.pl\\\/wp-content\\\/uploads\\\/2023\\\/07\\\/Oficjalny-producent-ok1.svg\"},{\"@type\":\"BreadcrumbList\",\"@id\":\"https:\\\/\\\/profalkielce.pl\\\/fr\\\/faq\\\/#breadcrumb\",\"itemListElement\":[{\"@type\":\"ListItem\",\"position\":1,\"name\":\"Strona g\u0142\u00f3wna\",\"item\":\"https:\\\/\\\/profalkielce.pl\\\/fr\\\/profal\\\/\"},{\"@type\":\"ListItem\",\"position\":2,\"name\":\"FAQ\"}]},{\"@type\":\"WebSite\",\"@id\":\"https:\\\/\\\/profalkielce.pl\\\/fr\\\/#website\",\"url\":\"https:\\\/\\\/profalkielce.pl\\\/fr\\\/\",\"name\":\"Profal Kielce\",\"description\":\"Aluminiowe systemy okienne i drzwiowe\",\"publisher\":{\"@id\":\"https:\\\/\\\/profalkielce.pl\\\/fr\\\/#organization\"},\"potentialAction\":[{\"@type\":\"SearchAction\",\"target\":{\"@type\":\"EntryPoint\",\"urlTemplate\":\"https:\\\/\\\/profalkielce.pl\\\/fr\\\/?s={search_term_string}\"},\"query-input\":{\"@type\":\"PropertyValueSpecification\",\"valueRequired\":true,\"valueName\":\"search_term_string\"}}],\"inLanguage\":\"fr-FR\"},{\"@type\":\"Organization\",\"@id\":\"https:\\\/\\\/profalkielce.pl\\\/fr\\\/#organization\",\"name\":\"Profal Kielce\",\"url\":\"https:\\\/\\\/profalkielce.pl\\\/fr\\\/\",\"logo\":{\"@type\":\"ImageObject\",\"inLanguage\":\"fr-FR\",\"@id\":\"https:\\\/\\\/profalkielce.pl\\\/fr\\\/#\\\/schema\\\/logo\\\/image\\\/\",\"url\":\"https:\\\/\\\/profalkielce.pl\\\/wp-content\\\/uploads\\\/2023\\\/05\\\/PROFAL-LOGO-White.svg\",\"contentUrl\":\"https:\\\/\\\/profalkielce.pl\\\/wp-content\\\/uploads\\\/2023\\\/05\\\/PROFAL-LOGO-White.svg\",\"width\":640,\"height\":200,\"caption\":\"Profal Kielce\"},\"image\":{\"@id\":\"https:\\\/\\\/profalkielce.pl\\\/fr\\\/#\\\/schema\\\/logo\\\/image\\\/\"},\"sameAs\":[\"https:\\\/\\\/www.facebook.com\\\/fabrykaprofalkielce\",\"https:\\\/\\\/www.instagram.com\\\/profalkielce\\\/\",\"http:\\\/\\\/www.linkedin.com\\\/company\\\/profal-kielce\"]}]}<\/script>\n<!-- \/ Yoast SEO plugin. -->","yoast_head_json":{"title":"Questions fr\u00e9quemment pos\u00e9es | Profal Kielce","description":"Consultez la base de donn\u00e9es des questions et r\u00e9ponses sur les syst\u00e8mes de portes et fen\u00eatres en aluminium de Reynaers. Convainquez-vous de la qualit\u00e9 et de la coop\u00e9ration.","robots":{"index":"index","follow":"follow","max-snippet":"max-snippet:-1","max-image-preview":"max-image-preview:large","max-video-preview":"max-video-preview:-1"},"canonical":"https:\/\/profalkielce.pl\/fr\/faq\/","og_locale":"fr_FR","og_type":"article","og_title":"Questions fr\u00e9quemment pos\u00e9es | Profal Kielce","og_description":"Consultez la base de donn\u00e9es des questions et r\u00e9ponses sur les syst\u00e8mes de portes et fen\u00eatres en aluminium de Reynaers. Convainquez-vous de la qualit\u00e9 et de la coop\u00e9ration.","og_url":"https:\/\/profalkielce.pl\/fr\/faq\/","og_site_name":"Profal","article_publisher":"https:\/\/www.facebook.com\/fabrykaprofalkielce","article_modified_time":"2026-04-09T11:46:10+00:00","og_image":[{"width":1920,"height":1280,"url":"https:\/\/profalkielce.pl\/wp-content\/uploads\/2023\/06\/2467c8d94e74bbd53774c385df2b2b83.jpeg","type":"image\/jpeg"}],"twitter_card":"summary_large_image","twitter_misc":{"Dur\u00e9e de lecture estim\u00e9e":"4 minutes"},"schema":{"@context":"https:\/\/schema.org","@graph":[{"@type":"WebPage","@id":"https:\/\/profalkielce.pl\/fr\/faq\/","url":"https:\/\/profalkielce.pl\/fr\/faq\/","name":"Questions fr\u00e9quemment pos\u00e9es | Profal Kielce","isPartOf":{"@id":"https:\/\/profalkielce.pl\/fr\/#website"},"primaryImageOfPage":{"@id":"https:\/\/profalkielce.pl\/fr\/faq\/#primaryimage"},"image":{"@id":"https:\/\/profalkielce.pl\/fr\/faq\/#primaryimage"},"thumbnailUrl":"https:\/\/profalkielce.pl\/wp-content\/uploads\/2023\/07\/Oficjalny-producent-ok1.svg","datePublished":"2024-08-21T08:47:30+00:00","dateModified":"2026-04-09T11:46:10+00:00","description":"Consultez la base de donn\u00e9es des questions et r\u00e9ponses sur les syst\u00e8mes de portes et fen\u00eatres en aluminium de Reynaers. Convainquez-vous de la qualit\u00e9 et de la coop\u00e9ration.","breadcrumb":{"@id":"https:\/\/profalkielce.pl\/fr\/faq\/#breadcrumb"},"inLanguage":"fr-FR","potentialAction":[{"@type":"ReadAction","target":["https:\/\/profalkielce.pl\/fr\/faq\/"]}]},{"@type":"ImageObject","inLanguage":"fr-FR","@id":"https:\/\/profalkielce.pl\/fr\/faq\/#primaryimage","url":"https:\/\/profalkielce.pl\/wp-content\/uploads\/2023\/07\/Oficjalny-producent-ok1.svg","contentUrl":"https:\/\/profalkielce.pl\/wp-content\/uploads\/2023\/07\/Oficjalny-producent-ok1.svg"},{"@type":"BreadcrumbList","@id":"https:\/\/profalkielce.pl\/fr\/faq\/#breadcrumb","itemListElement":[{"@type":"ListItem","position":1,"name":"Strona g\u0142\u00f3wna","item":"https:\/\/profalkielce.pl\/fr\/profal\/"},{"@type":"ListItem","position":2,"name":"FAQ"}]},{"@type":"WebSite","@id":"https:\/\/profalkielce.pl\/fr\/#website","url":"https:\/\/profalkielce.pl\/fr\/","name":"Profal Kielce","description":"Aluminiowe systemy okienne i drzwiowe","publisher":{"@id":"https:\/\/profalkielce.pl\/fr\/#organization"},"potentialAction":[{"@type":"SearchAction","target":{"@type":"EntryPoint","urlTemplate":"https:\/\/profalkielce.pl\/fr\/?s={search_term_string}"},"query-input":{"@type":"PropertyValueSpecification","valueRequired":true,"valueName":"search_term_string"}}],"inLanguage":"fr-FR"},{"@type":"Organization","@id":"https:\/\/profalkielce.pl\/fr\/#organization","name":"Profal Kielce","url":"https:\/\/profalkielce.pl\/fr\/","logo":{"@type":"ImageObject","inLanguage":"fr-FR","@id":"https:\/\/profalkielce.pl\/fr\/#\/schema\/logo\/image\/","url":"https:\/\/profalkielce.pl\/wp-content\/uploads\/2023\/05\/PROFAL-LOGO-White.svg","contentUrl":"https:\/\/profalkielce.pl\/wp-content\/uploads\/2023\/05\/PROFAL-LOGO-White.svg","width":640,"height":200,"caption":"Profal Kielce"},"image":{"@id":"https:\/\/profalkielce.pl\/fr\/#\/schema\/logo\/image\/"},"sameAs":["https:\/\/www.facebook.com\/fabrykaprofalkielce","https:\/\/www.instagram.com\/profalkielce\/","http:\/\/www.linkedin.com\/company\/profal-kielce"]}]}},"_links":{"self":[{"href":"https:\/\/profalkielce.pl\/fr\/wp-json\/wp\/v2\/pages\/20754","targetHints":{"allow":["GET"]}}],"collection":[{"href":"https:\/\/profalkielce.pl\/fr\/wp-json\/wp\/v2\/pages"}],"about":[{"href":"https:\/\/profalkielce.pl\/fr\/wp-json\/wp\/v2\/types\/page"}],"author":[{"embeddable":true,"href":"https:\/\/profalkielce.pl\/fr\/wp-json\/wp\/v2\/users\/6"}],"replies":[{"embeddable":true,"href":"https:\/\/profalkielce.pl\/fr\/wp-json\/wp\/v2\/comments?post=20754"}],"version-history":[{"count":1,"href":"https:\/\/profalkielce.pl\/fr\/wp-json\/wp\/v2\/pages\/20754\/revisions"}],"predecessor-version":[{"id":20755,"href":"https:\/\/profalkielce.pl\/fr\/wp-json\/wp\/v2\/pages\/20754\/revisions\/20755"}],"wp:attachment":[{"href":"https:\/\/profalkielce.pl\/fr\/wp-json\/wp\/v2\/media?parent=20754"}],"curies":[{"name":"wp","href":"https:\/\/api.w.org\/{rel}","templated":true}]}}